{"version":"1.0","provider_name":"AnyaSp\u00f3rol","provider_url":"https:\/\/anyasporol.cafeblog.hu","author_name":"anya.sporol@gmail.com","author_url":"https:\/\/anyasporol.cafeblog.hu\/author\/anya-sporolgmail-com\/","title":"Sz\u00fclinapi buli- csin\u00e1ld magad","html":"<p style=\"text-align: justify;\"><a href=\"https:\/\/anyasporol.cafeblog.hu\/files\/2012\/08\/Sz\u00fclinapi-buli-csin\u00e1ld-magad-anyasporol.jpg\"><img class=\"alignright size-medium wp-image-522\" title=\"Sz\u00fclinapi buli csin\u00e1ld magad anyasporol\" src=\"https:\/\/anyasporol.cafeblog.hu\/files\/2012\/08\/Sz\u00fclinapi-buli-csin\u00e1ld-magad-anyasporol-300x200.jpg\" alt=\"\" width=\"300\" height=\"200\" \/><\/a>K\u00e9t gyermekemet 2 \u00e9v \u00e9s 21 nap k\u00fcl\u00f6nbs\u00e9ggel sz\u00fcltem, ez\u00e9rt azt\u00e1n, ha akarj\u00e1k, ha nem egy\u00fctt tartjuk a csal\u00e1dban a sz\u00fclinapi bulijukat. Gondolom, ha majd m\u00e1r nagyobbak lesznek, nem \u00edgy lesz, de most m\u00e9g 5 \u00e9s 3 \u00e9vesek, nem volt ellenvet\u00e9s\u00fck.<\/p>\r\n<p style=\"text-align: justify;\">16-an voltunk \u00f6sszesen a buliban, ilyenkor szoktunk f\u0151zni, van torta, ital, m\u00f3ka-kacag\u00e1s. Feln\u0151ttek besz\u00e9lgetnek, gyerekek meg az \u00faj aj\u00e1nd\u00e9kokkal j\u00e1tszanak.<\/p>\r\n<p style=\"text-align: justify;\"><strong>Aj\u00e1nd\u00e9k<\/strong>: id\u00e9n egy nagy aj\u00e1nd\u00e9kot kaptak, mert elegem van, hogy mindenki hoz egy-egy darabot, \u00edgy azt\u00e1n kaptak 1-1 nagydoboz legot, T\u00fcccsi term\u00e9szetesen r\u00f3zsasz\u00edn kir\u00e1lyl\u00e1ny kast\u00e9lyt, Beb\u0151, meg \u0171rkil\u00f6v\u0151 \u00e1llom\u00e1st, ez volt a v\u00e1gya.<\/p>\r\n<p style=\"text-align: justify;\"><strong><span style=\"text-decoration: underline;\">Kaja:<\/span><\/strong><span style=\"text-decoration: underline;\">\u00a0<\/span>Mindig k\u00e9rd\u00e9ses, hogy mit f\u0151zz\u00fcnk, tavaly grillezt\u00fcnk, uram el sem j\u00f6tt a s\u00fct\u0151 mell\u0151l, \u00e9s olyan gyorsan elfogyott t\u00f6bb kil\u00f3 h\u00fas, hogy csak lest\u00fcnk.<\/p>\r\n<p style=\"text-align: justify;\">Id\u00e9n kital\u00e1ltam, hogy mi lenne, ha gyrost k\u00e9sz\u00edten\u00e9k, vettem 5 \u00a0kg tarj\u00e1t, csontj\u00e1t f\u00e9lretettem vas\u00e1rnapi h\u00fasleveshez.\u00a0 Azt\u00e1n cs\u00edkokra v\u00e1gtam, beolajoztam \u00e9s bef\u0171szereztem. \u00c1ltal\u00e1ban Knorr Gyros f\u0171szerkever\u00e9ket veszek, de abb\u00f3l 1 db 350 Ft felett van \u00e9s f\u00e9l kil\u00f3 h\u00fasra el\u00e9g. Kutattam a neten \u00e9s tal\u00e1ltam egy j\u00f3 kis\u00a0<a href=\"http:\/\/www.nosalty.hu\/alapanyag\/gyros-fuszerkeverek\">gyros f\u0171szerkever\u00e9ket<\/a>, amihez minden volt itthon \u00e9s a h\u00e1zi kever\u00e9kem nem tartalmazott sem glutam\u00e1tot, sem egy\u00e9b seg\u00e9danyagot, csak f\u0171szert. \u00a0Miel\u0151tt j\u00f6ttek a vend\u00e9gek megs\u00fct\u00f6ttem a h\u00fast k\u00e9t serpeny\u0151ben. Nem kell sok\u00e1ig s\u00fctni, l\u00e9nyeg, hogy szaftos maradjon a h\u00fas. A legnagyobb fokozaton s\u00fct\u00f6m, egyik oldal\u00e1t is 3-4 percig \u00e9s a m\u00e1sik oldal\u00e1t is, \u00e9s m\u00e1r k\u00e9sz is.<\/p>\r\n<p style=\"text-align: justify;\">Azt\u00e1n j\u00f6tt a pita keny\u00e9r, ebb\u0151l 4 darab olyan 300 Ft k\u00f6r\u00fcl van, azzal sz\u00e1moltam, hogy mindenki eszik kett\u0151t, nagyon sok lett volna. Kor\u00e1bban is s\u00fct\u00f6ttem m\u00e1r pit\u00e1t, nem egy atomfizikai feladat, \u00e9s nagyon gyorsan megvan. \u00cdgy azt\u00e1n reggel kor\u00e1n felkeltem begy\u00fartam a t\u00e9szt\u00e1t \u00e9s a 38 db pita megs\u00fct\u00e9s\u00e9vel egy \u00f3ra alatt b\u0151ven k\u00e9sz voltam. A t\u00e9szta receptet\u00a0<a href=\"http:\/\/www.mindmegette.hu\/pita-gyros-hoz.recept\">itt<\/a>\u00a0tal\u00e1lj\u00e1tok.<\/p>\r\n<p style=\"text-align: justify;\">Akkor m\u00e1r csak joghurtos \u00f6ntetet kellett k\u00e9sz\u00edteni. K\u00e9sz\u00edtettem m\u00e1sf\u00e9l liter<a href=\"https:\/\/anyasporol.cafeblog.hu\/2012\/07\/12\/hazi-joghurt\/\">\u00a0h\u00e1zi joghurtot<\/a>\u00a0\u00e9s ebb\u0151l lett az \u00f6ntet, m\u00e9g marad egy kis kever\u00e9kem, amit feljav\u00edtottam fokhagym\u00e1val \u00e9s oreganoval, s\u00f3val borssal.<\/p>\r\n<p style=\"text-align: justify;\">A sal\u00e1t\u00e1t el\u0151re felv\u00e1gtuk, a lilahagym\u00e1t dett\u00f3, meg a paradicsomot.<\/p>\r\n<p style=\"text-align: justify;\">Amikor megj\u00f6ttek a vend\u00e9gek, \u00e9s \u00e9hesek lettek, akkor k\u00e9sz\u00edtettem el a gyrosokat, mint a b\u00fcf\u00e9ben. Azon csod\u00e1lkoztam, hogy j\u00f3l laktak \u00e9s egy csom\u00f3 maradt is. M\u00e1snap het\u00fcnk eb\u00e9dj\u00e9re volt elegend\u0151. \u00c9s m\u00e9g a h\u00e9tf\u0151i eb\u00e9dre is maradt.<\/p>\r\n<p style=\"text-align: justify;\"><strong>Torta<\/strong>: term\u00e9szetesen ezt is saj\u00e1t magam k\u00e9sz\u00edtem el mindk\u00e9t gyermekemnek. Beb\u0151 t\u00far\u00f3tort\u00e1t k\u00e9rt, ami nagyon egyszer\u0171en elk\u00e9sz\u00edthet\u0151 (pisk\u00f3ta alap ezt megkenem lekv\u00e1rral \u00e9s erre j\u00f6n r\u00e1 a kr\u00e9m, dr\u00e1ga Judit bar\u00e1tn\u0151mt\u0151l tanultam, t\u00far\u00f3, tejsz\u00edn \u00e9s cukor kell hozz\u00e1, zselatint nem teszek bele, csak habfix\u00e1l\u00f3t ), im\u00e1dja mindenki, \u00e9s sokkal olcs\u00f3bb, mintha a cukr\u00e1szd\u00e1ban venn\u00e9m. T\u00fcccsi pedig <a href=\"http:\/\/http:\/\/www.scribd.com\/doc\/25370677\/Magyar-Konyha-Edessegek\">csoki tort\u00e1t<\/a> k\u00e9rt, az pedig a specialit\u00e1som, isteni finomra tudom k\u00e9sz\u00edteni:)(Ism\u00e9t pisk\u00f3ta, csak t\u00f6bb toj\u00e1sb\u00f3l, a csoki kr\u00e9m pedig: 2 dl tejsz\u00edn 20 dkg cukorral \u00a0\u00e9s 4 ek holland kaka\u00f3val felforralva kih\u0171tve \u00e9s 20 dkg vajhoz keverve. Csoki m\u00e1zat a tetej\u00e9re nem szoktam rakni, hanem telesz\u00f3rom \u00a0sz\u00edvecsk\u00e9s cukork\u00e1kkal).<\/p>\r\n<p style=\"text-align: justify;\">Egyet sajn\u00e1lok, hogy d\u00edsz\u00edt\u00e9sre nem maradt id\u0151m, de a gyerekek nem hi\u00e1nyolt\u00e1k, nekem m\u00e1r csak a v\u00e9g\u00e9n jutott eszembe, hogy nem volt se lufi se semmi. Rem\u00e9lem, nem lesznek fejl\u0151d\u00e9sben visszamaradottak emiatt :) Majd j\u00f6v\u0151re megemberelem magam deko t\u00e9m\u00e1ban is :)<\/p>","type":"rich"}